{"id":2812,"date":"2024-08-28T12:00:36","date_gmt":"2024-08-28T10:00:36","guid":{"rendered":"https:\/\/tafel-fr-231208.studio-lib.de\/?page_id=2812"},"modified":"2024-09-03T14:42:59","modified_gmt":"2024-09-03T12:42:59","slug":"werte-erleben","status":"publish","type":"page","link":"https:\/\/frankfurter-tafel.org\/en\/projekte\/werte-erleben\/","title":{"rendered":"Werte (er)leben"},"content":{"rendered":"<div data-elementor-type=\"wp-page\" data-elementor-id=\"2812\" class=\"elementor elementor-2812\">\n\t\t\t\t\t\t<section class=\"elementor-section elementor-top-section elementor-element elementor-element-9283f79 elementor-section-height-min-height elementor-section-stretched elementor-section-boxed elementor-section-height-default elementor-section-items-middle\" data-id=\"9283f79\" data-element_type=\"section\" data-e-type=\"section\" data-settings=\"{&quot;background_background&quot;:&quot;classic&quot;,&quot;stretch_section&quot;:&quot;section-stretched&quot;}\">\n\t\t\t\t\t\t<div class=\"elementor-container elementor-column-gap-default\">\n\t\t\t\t\t<div class=\"elementor-column elementor-col-100 elementor-top-column elementor-element elementor-element-92925ee\" data-id=\"92925ee\" data-element_type=\"column\" data-e-type=\"column\">\n\t\t\t<div class=\"elementor-widget-wrap\">\n\t\t\t\t\t\t\t<\/div>\n\t\t<\/div>\n\t\t\t\t\t<\/div>\n\t\t<\/section>\n\t\t\t\t<section class=\"elementor-section elementor-top-section elementor-element elementor-element-7f6d0dfc elementor-section-boxed elementor-section-height-default elementor-section-height-default\" data-id=\"7f6d0dfc\" data-element_type=\"section\" data-e-type=\"section\">\n\t\t\t\t\t\t<div class=\"elementor-container elementor-column-gap-default\">\n\t\t\t\t\t<div class=\"elementor-column elementor-col-100 elementor-top-column elementor-element elementor-element-2bfd4872\" data-id=\"2bfd4872\" data-element_type=\"column\" data-e-type=\"column\">\n\t\t\t<div class=\"elementor-widget-wrap elementor-element-populated\">\n\t\t\t\t\t\t<div class=\"elementor-element elementor-element-24164263 elementor-widget elementor-widget-heading\" data-id=\"24164263\" data-element_type=\"widget\" data-e-type=\"widget\" data-widget_type=\"heading.default\">\n\t\t\t\t<div class=\"elementor-widget-container\">\n\t\t\t\t\t<h1 class=\"elementor-heading-title elementor-size-default\">Bildungsprojekt \u201eWerte (er)leben\u201c<br>startet mit der Frankfurter Tafel e.V.<\/h1>\t\t\t\t<\/div>\n\t\t\t\t<\/div>\n\t\t\t\t<div class=\"elementor-element elementor-element-5678c41e elementor-widget elementor-widget-text-editor\" data-id=\"5678c41e\" data-element_type=\"widget\" data-e-type=\"widget\" data-widget_type=\"text-editor.default\">\n\t\t\t\t<div class=\"elementor-widget-container\">\n\t\t\t\t\t\t\t\t\t<p>Die Werte-Stiftung startete im Dezember 2023 das Bildungsprojekt \u201eWerte (er)leben\u201c, das speziell f\u00fcr Schulen entwickelt wurde, um jungen Menschen die M\u00f6glichkeit zu geben, ihre eigenen Werte zu erkennen und zu reflektieren.<\/p><p>Durch die Partnerschaften mit der Frankfurter Tafel und durch den Einsatz von Werte-Vorbildern wie dem deutschen Judo-Weltmeister Alexander Wieczerzak zielt das Projekt darauf ab, Werte greifbar und erlebbar zu machen.<\/p><p>Das Projekt \u201eWerte (er)leben\u201c begann offiziell mit einer 9. Klasse der Anne-Frank-Schule in Frankfurt. Die Sch\u00fclerinnen und Sch\u00fcler besuchten die Frankfurter Tafel, halfen beim Verpacken von Essenspaketen im Logistikzentrum und lernten die Werte der Mitarbeitenden kennen, w\u00e4hrend sie ihre eigenen Werte reflektierten. Anschlie\u00dfend sprach der deutsche Judo-Weltmeister \u00fcber wichtige Werte wie Respekt, Fairplay und Mut und motivierte die Sch\u00fcler zu gemeinsamen Judo-\u00dcbungen.<\/p><p>Das Projekt verfolgt die \u00dcberzeugung, dass junge Menschen ihre gesellschaftliche Teilhabe besser verstehen und nachhaltiger verinnerlichen k\u00f6nnen, wenn sie sich ihrer eigenen Werte sowie der gesellschaftlichen Werte bewusst werden. Es umfasst drei Lernmodule, die im Laufe eines Schuljahres durchgef\u00fchrt werden. Im ersten Modul lernen die Sch\u00fclerinnen und Sch\u00fcler, was Werte sind, und erstellen ihr pers\u00f6nliches Werte-Profil. Im zweiten Modul erkunden sie \u201eWerte-Welten\u201c, wie die Frankfurter Tafel e.V. und erfahren, welche Werte dort entscheidend sind.<\/p><p>Im dritten Modul treffen die Schulklassen ein Werte-Vorbild und reflektieren, wie werteorientiertes Handeln m\u00f6glich ist.<\/p><p>Im Rahmen der ersten Veranstaltung unterzeichneten die Werte-Stiftung und die Frankfurter Tafel ein offizielles Kooperationsabkommen. Diese Partnerschaft ist f\u00fcr die Tafel von gro\u00dfer Bedeutung. Gemeinsam mit der Werte-Stiftung m\u00f6chten wir jungen Menschen Perspektiven aufzeigen und unsere Kernwerte Miteinander und Nachhaltigkeit n\u00e4herbringen.<\/p><p>Das Projekt richtet sich an Schulen aller Schulformen in Frankfurt am Main und im Rhein-Main-Gebiet und ist f\u00fcr Sch\u00fcler und Sch\u00fclerinnen der Klassen 8 bis 10 (14-18 Jahre) vorgesehen. Erm\u00f6glicht wird das Projekt durch die finanzielle Unterst\u00fctzung der Mainova und der Stiftung Polytechnische Gesellschaft.<\/p>\t\t\t\t\t\t\t\t<\/div>\n\t\t\t\t<\/div>\n\t\t\t\t\t<\/div>\n\t\t<\/div>\n\t\t\t\t\t<\/div>\n\t\t<\/section>\n\t\t\t\t<section class=\"elementor-section elementor-top-section elementor-element elementor-element-b126601 elementor-section-boxed elementor-section-height-default elementor-section-height-default\" data-id=\"b126601\" data-element_type=\"section\" data-e-type=\"section\">\n\t\t\t\t\t\t<div class=\"elementor-container elementor-column-gap-default\">\n\t\t\t\t\t<div class=\"elementor-column elementor-col-100 elementor-top-column elementor-element elementor-element-7f02ba9\" data-id=\"7f02ba9\" data-element_type=\"column\" data-e-type=\"column\">\n\t\t\t<div class=\"elementor-widget-wrap elementor-element-populated\">\n\t\t\t\t\t\t<div class=\"elementor-element elementor-element-25c9110 elementor-widget elementor-widget-image\" data-id=\"25c9110\" data-element_type=\"widget\" data-e-type=\"widget\" data-widget_type=\"image.default\">\n\t\t\t\t<div class=\"elementor-widget-container\">\n\t\t\t\t\t\t\t\t\t\t\t\t\t\t\t<img fetchpriority=\"high\" decoding=\"async\" width=\"1024\" height=\"635\" src=\"https:\/\/frankfurter-tafel.org\/wp-content\/uploads\/2024\/09\/Bild-Werte-Projekt-5-1024x635.jpg\" class=\"attachment-large size-large wp-image-3075\" alt=\"\" srcset=\"https:\/\/frankfurter-tafel.org\/wp-content\/uploads\/2024\/09\/Bild-Werte-Projekt-5-1024x635.jpg 1024w, https:\/\/frankfurter-tafel.org\/wp-content\/uploads\/2024\/09\/Bild-Werte-Projekt-5-300x186.jpg 300w, https:\/\/frankfurter-tafel.org\/wp-content\/uploads\/2024\/09\/Bild-Werte-Projekt-5-768x476.jpg 768w, https:\/\/frankfurter-tafel.org\/wp-content\/uploads\/2024\/09\/Bild-Werte-Projekt-5-1536x952.jpg 1536w, https:\/\/frankfurter-tafel.org\/wp-content\/uploads\/2024\/09\/Bild-Werte-Projekt-5-18x12.jpg 18w, https:\/\/frankfurter-tafel.org\/wp-content\/uploads\/2024\/09\/Bild-Werte-Projekt-5.jpg 1970w\" sizes=\"(max-width: 1024px) 100vw, 1024px\" \/>\t\t\t\t\t\t\t\t\t\t\t\t\t\t\t<\/div>\n\t\t\t\t<\/div>\n\t\t\t\t<div class=\"elementor-element elementor-element-5fd03c8 elementor-widget elementor-widget-image\" data-id=\"5fd03c8\" data-element_type=\"widget\" data-e-type=\"widget\" data-widget_type=\"image.default\">\n\t\t\t\t<div class=\"elementor-widget-container\">\n\t\t\t\t\t\t\t\t\t\t\t\t\t\t\t<img decoding=\"async\" width=\"1024\" height=\"616\" src=\"https:\/\/frankfurter-tafel.org\/wp-content\/uploads\/2024\/09\/Bild-Werte-Projekt-3-1-1024x616.jpg\" class=\"attachment-large size-large wp-image-3074\" alt=\"\" srcset=\"https:\/\/frankfurter-tafel.org\/wp-content\/uploads\/2024\/09\/Bild-Werte-Projekt-3-1-1024x616.jpg 1024w, https:\/\/frankfurter-tafel.org\/wp-content\/uploads\/2024\/09\/Bild-Werte-Projekt-3-1-300x180.jpg 300w, https:\/\/frankfurter-tafel.org\/wp-content\/uploads\/2024\/09\/Bild-Werte-Projekt-3-1-768x462.jpg 768w, https:\/\/frankfurter-tafel.org\/wp-content\/uploads\/2024\/09\/Bild-Werte-Projekt-3-1-1536x924.jpg 1536w, https:\/\/frankfurter-tafel.org\/wp-content\/uploads\/2024\/09\/Bild-Werte-Projekt-3-1-18x12.jpg 18w, https:\/\/frankfurter-tafel.org\/wp-content\/uploads\/2024\/09\/Bild-Werte-Projekt-3-1.jpg 1970w\" sizes=\"(max-width: 1024px) 100vw, 1024px\" \/>\t\t\t\t\t\t\t\t\t\t\t\t\t\t\t<\/div>\n\t\t\t\t<\/div>\n\t\t\t\t<div class=\"elementor-element elementor-element-0cb88fc elementor-widget elementor-widget-image\" data-id=\"0cb88fc\" data-element_type=\"widget\" data-e-type=\"widget\" data-widget_type=\"image.default\">\n\t\t\t\t<div class=\"elementor-widget-container\">\n\t\t\t\t\t\t\t\t\t\t\t\t\t\t\t<img decoding=\"async\" width=\"1024\" height=\"683\" src=\"https:\/\/frankfurter-tafel.org\/wp-content\/uploads\/2024\/09\/Bild-Werte-Projekt-1-1-1024x683.jpg\" class=\"attachment-large size-large wp-image-3072\" alt=\"\" srcset=\"https:\/\/frankfurter-tafel.org\/wp-content\/uploads\/2024\/09\/Bild-Werte-Projekt-1-1-1024x683.jpg 1024w, https:\/\/frankfurter-tafel.org\/wp-content\/uploads\/2024\/09\/Bild-Werte-Projekt-1-1-300x200.jpg 300w, https:\/\/frankfurter-tafel.org\/wp-content\/uploads\/2024\/09\/Bild-Werte-Projekt-1-1-768x512.jpg 768w, https:\/\/frankfurter-tafel.org\/wp-content\/uploads\/2024\/09\/Bild-Werte-Projekt-1-1-1536x1025.jpg 1536w, https:\/\/frankfurter-tafel.org\/wp-content\/uploads\/2024\/09\/Bild-Werte-Projekt-1-1-18x12.jpg 18w, https:\/\/frankfurter-tafel.org\/wp-content\/uploads\/2024\/09\/Bild-Werte-Projekt-1-1.jpg 1970w\" sizes=\"(max-width: 1024px) 100vw, 1024px\" \/>\t\t\t\t\t\t\t\t\t\t\t\t\t\t\t<\/div>\n\t\t\t\t<\/div>\n\t\t\t\t\t<\/div>\n\t\t<\/div>\n\t\t\t\t\t<\/div>\n\t\t<\/section>\n\t\t\t\t<\/div>","protected":false},"excerpt":{"rendered":"<p>Bildungsprojekt \u201eWerte (er)leben\u201cstartet mit der Frankfurter Tafel e.V. Die Werte-Stiftung startete im Dezember 2023 das Bildungsprojekt \u201eWerte (er)leben\u201c, das speziell f\u00fcr Schulen entwickelt wurde, um jungen Menschen die M\u00f6glichkeit zu geben, ihre eigenen Werte zu erkennen und zu reflektieren. Durch die Partnerschaften mit der Frankfurter Tafel und durch den Einsatz von Werte-Vorbildern wie dem deutschen [&hellip;]<\/p>\n","protected":false},"author":1,"featured_media":0,"parent":2588,"menu_order":3,"comment_status":"closed","ping_status":"closed","template":"elementor_header_footer","meta":{"inline_featured_image":false,"ocean_post_layout":"full-width","ocean_both_sidebars_style":"","ocean_both_sidebars_content_width":0,"ocean_both_sidebars_sidebars_width":0,"ocean_sidebar":"footer-one","ocean_second_sidebar":"","ocean_disable_margins":"on","ocean_add_body_class":"","ocean_shortcode_before_top_bar":"","ocean_shortcode_after_top_bar":"","ocean_shortcode_before_header":"","ocean_shortcode_after_header":"","ocean_has_shortcode":"","ocean_shortcode_after_title":"","ocean_shortcode_before_footer_widgets":"","ocean_shortcode_after_footer_widgets":"","ocean_shortcode_before_footer_bottom":"","ocean_shortcode_after_footer_bottom":"","ocean_display_top_bar":"default","ocean_display_header":"default","ocean_header_style":"","ocean_center_header_left_menu":"","ocean_custom_header_template":"","ocean_custom_logo":0,"ocean_custom_retina_logo":0,"ocean_custom_logo_max_width":0,"ocean_custom_logo_tablet_max_width":0,"ocean_custom_logo_mobile_max_width":0,"ocean_custom_logo_max_height":0,"ocean_custom_logo_tablet_max_height":0,"ocean_custom_logo_mobile_max_height":0,"ocean_header_custom_menu":"","ocean_menu_typo_font_family":"","ocean_menu_typo_font_subset":"","ocean_menu_typo_font_size":0,"ocean_menu_typo_font_size_tablet":0,"ocean_menu_typo_font_size_mobile":0,"ocean_menu_typo_font_size_unit":"px","ocean_menu_typo_font_weight":"","ocean_menu_typo_font_weight_tablet":"","ocean_menu_typo_font_weight_mobile":"","ocean_menu_typo_transform":"","ocean_menu_typo_transform_tablet":"","ocean_menu_typo_transform_mobile":"","ocean_menu_typo_line_height":0,"ocean_menu_typo_line_height_tablet":0,"ocean_menu_typo_line_height_mobile":0,"ocean_menu_typo_line_height_unit":"","ocean_menu_typo_spacing":0,"ocean_menu_typo_spacing_tablet":0,"ocean_menu_typo_spacing_mobile":0,"ocean_menu_typo_spacing_unit":"","ocean_menu_link_color":"","ocean_menu_link_color_hover":"","ocean_menu_link_color_active":"","ocean_menu_link_background":"","ocean_menu_link_hover_background":"","ocean_menu_link_active_background":"","ocean_menu_social_links_bg":"","ocean_menu_social_hover_links_bg":"","ocean_menu_social_links_color":"","ocean_menu_social_hover_links_color":"","ocean_disable_title":"default","ocean_disable_heading":"default","ocean_post_title":"","ocean_post_subheading":"","ocean_post_title_style":"","ocean_post_title_background_color":"","ocean_post_title_background":0,"ocean_post_title_bg_image_position":"","ocean_post_title_bg_image_attachment":"","ocean_post_title_bg_image_repeat":"","ocean_post_title_bg_image_size":"","ocean_post_title_height":0,"ocean_post_title_bg_overlay":0.5,"ocean_post_title_bg_overlay_color":"","ocean_disable_breadcrumbs":"default","ocean_breadcrumbs_color":"","ocean_breadcrumbs_separator_color":"","ocean_breadcrumbs_links_color":"","ocean_breadcrumbs_links_hover_color":"","ocean_display_footer_widgets":"default","ocean_display_footer_bottom":"default","ocean_custom_footer_template":"","footnotes":""},"class_list":["post-2812","page","type-page","status-publish","hentry","entry"],"_links":{"self":[{"href":"https:\/\/frankfurter-tafel.org\/en\/wp-json\/wp\/v2\/pages\/2812","targetHints":{"allow":["GET"]}}],"collection":[{"href":"https:\/\/frankfurter-tafel.org\/en\/wp-json\/wp\/v2\/pages"}],"about":[{"href":"https:\/\/frankfurter-tafel.org\/en\/wp-json\/wp\/v2\/types\/page"}],"author":[{"embeddable":true,"href":"https:\/\/frankfurter-tafel.org\/en\/wp-json\/wp\/v2\/users\/1"}],"replies":[{"embeddable":true,"href":"https:\/\/frankfurter-tafel.org\/en\/wp-json\/wp\/v2\/comments?post=2812"}],"version-history":[{"count":24,"href":"https:\/\/frankfurter-tafel.org\/en\/wp-json\/wp\/v2\/pages\/2812\/revisions"}],"predecessor-version":[{"id":3123,"href":"https:\/\/frankfurter-tafel.org\/en\/wp-json\/wp\/v2\/pages\/2812\/revisions\/3123"}],"up":[{"embeddable":true,"href":"https:\/\/frankfurter-tafel.org\/en\/wp-json\/wp\/v2\/pages\/2588"}],"wp:attachment":[{"href":"https:\/\/frankfurter-tafel.org\/en\/wp-json\/wp\/v2\/media?parent=2812"}],"curies":[{"name":"wp","href":"https:\/\/api.w.org\/{rel}","templated":true}]}}